{"id":944,"date":"2021-01-27T12:39:25","date_gmt":"2021-01-27T10:39:25","guid":{"rendered":"https:\/\/rijetke-bolesti.com\/?page_id=944"},"modified":"2025-09-17T11:32:16","modified_gmt":"2025-09-17T09:32:16","slug":"konferencije","status":"publish","type":"page","link":"https:\/\/rijetke-bolesti.com\/en\/konferencije\/","title":{"rendered":"Conferences"},"content":{"rendered":"<h2 class=\"wp-block-heading\">8th National Conference on Rare Diseases with International Participation<\/h2>\n\n\n\n<p>The 8th National Conference on Rare Diseases with international participation was held at Hotel Zonar in Zagreb on September 4, 2025. It was organized by the Croatian Alliance for Rare Diseases, under the patronage of the President of the Republic of Croatia, the City of Zagreb, the Ministry of Health, and the Ministry of Social Welfare.<\/p>\n\n\n\n<p>The conference brought together patients, associations, experts, representatives of ministries and institutions, as well as international organizations.<\/p>\n\n\n\n<p>Through a rich program, the key topics highlighted were:<\/p>\n\n\n\n<p>The Patient\u2019s Voice \u2013 Daily Challenges and Support Living with a Rare Disease<br>The first panel featured powerful testimonies from patients and their families. Discussions focused on psychological and social support, experiences of patients receiving therapy, and the long waiting times for drug approvals.<\/p>\n\n\n\n<p>National Framework for Rare Diseases \u2013 Current Challenges and Future Directions<br>The second panel included representatives from the Ministry of Health, Ministry of Social Welfare, Croatian Institute of Public Health (HZJZ), HALMED, medical professionals, and patient associations. The discussion revolved around the implementation of objectives from the National Program and transparency in the therapy approval process.<\/p>\n\n\n\n<p>Unmet Medical Needs \u2013 Between Science, Policy, and Reality<br>The third panel addressed how to involve patients in defining their own needs and how to align science, policy, and everyday reality.<\/p>\n\n\n\n<p>Regional Perspective \u2013 Similarities, Differences, and Opportunities for Cooperation in the Region<br>The fourth panel showed that significant differences exist in the Balkans regarding therapy availability and support, but also notable opportunities for stronger cross-border cooperation.<\/p>\n\n\n\n<p>Professional Contributions<br>A special scientific segment of the conference included lectures on the molecular basis of neurodegenerative diseases and care for patients with phenylketonuria (PKU).<\/p>\n\n\n\n<div class=\"wp-block-file\"><a id=\"wp-block-file--media-1f4a76e5-b770-4ed5-bdf8-eb7193a2df2e\" href=\"https:\/\/rijetke-bolesti.com\/wp-content\/uploads\/2019\/03\/PROGRAM-8.-Nacionalna-konferencija-o-rijetkim-bolestima.pdf\" target=\"_blank\" rel=\"noreferrer noopener\">PROGRAM \u2013 8th National Conference on Rare Diseases<\/a><\/div>\n\n\n\n<p>The conference concluded with recommendations to strengthen regional cooperation, ensure a more transparent therapy approval process, and improve support for people living with rare diseases.<\/p>\n\n\n\n<p>&nbsp;We thank our member associations and patients who shared their life stories, our patrons and institutional representatives, physicians, collaborators, colleagues from the region, and all sponsors who made the successful execution of the conference possible.<\/p>\n\n\n\n<div style=\"height:30px\" aria-hidden=\"true\" class=\"wp-block-spacer\"><\/div>\n\n\n\n<p>&nbsp;You can view photos from the panels and social gatherings here: <a href=\"https:\/\/www.flickr.com\/photos\/203489046@N03\/\">https:\/\/www.flickr.com\/photos\/203489046@N03\/albums\/72177720329075628\/<\/a><\/p>\n\n\n\n<p>#RijetkeBolesti   #Konferencija2025   #ZagrliZaRijetke<\/p>\n\n\n\n<div style=\"height:50px\" aria-hidden=\"true\" class=\"wp-block-spacer\"><\/div>\n\n\n\n<figure class=\"wp-block-gallery has-nested-images columns-2 is-cropped wp-block-gallery-1 is-layout-flex wp-block-gallery-is-layout-flex\">\n<figure class=\"wp-block-image size-full\"><img loading=\"lazy\" decoding=\"async\" width=\"1080\" height=\"1350\" data-id=\"5564\" src=\"https:\/\/rijetke-bolesti.com\/wp-content\/uploads\/2019\/03\/Retro-Gradient-Save-the-Date-Birthday-Instagram-Post.png\" alt=\"\" class=\"wp-image-5564\" srcset=\"https:\/\/rijetke-bolesti.com\/wp-content\/uploads\/2019\/03\/Retro-Gradient-Save-the-Date-Birthday-Instagram-Post.png 1080w, https:\/\/rijetke-bolesti.com\/wp-content\/uploads\/2019\/03\/Retro-Gradient-Save-the-Date-Birthday-Instagram-Post-240x300.png 240w, https:\/\/rijetke-bolesti.com\/wp-content\/uploads\/2019\/03\/Retro-Gradient-Save-the-Date-Birthday-Instagram-Post-819x1024.png 819w, https:\/\/rijetke-bolesti.com\/wp-content\/uploads\/2019\/03\/Retro-Gradient-Save-the-Date-Birthday-Instagram-Post-768x960.png 768w, https:\/\/rijetke-bolesti.com\/wp-content\/uploads\/2019\/03\/Retro-Gradient-Save-the-Date-Birthday-Instagram-Post-10x12.png 10w\" sizes=\"auto, (max-width: 1080px) 100vw, 1080px\" \/><\/figure>\n\n\n\n<figure class=\"wp-block-image size-full is-style-default\"><img loading=\"lazy\" decoding=\"async\" width=\"1080\" height=\"1350\" data-id=\"5653\" src=\"https:\/\/rijetke-bolesti.com\/wp-content\/uploads\/2019\/03\/Program-2-1.png\" alt=\"\" class=\"wp-image-5653\" srcset=\"https:\/\/rijetke-bolesti.com\/wp-content\/uploads\/2019\/03\/Program-2-1.png 1080w, https:\/\/rijetke-bolesti.com\/wp-content\/uploads\/2019\/03\/Program-2-1-240x300.png 240w, https:\/\/rijetke-bolesti.com\/wp-content\/uploads\/2019\/03\/Program-2-1-819x1024.png 819w, https:\/\/rijetke-bolesti.com\/wp-content\/uploads\/2019\/03\/Program-2-1-768x960.png 768w, https:\/\/rijetke-bolesti.com\/wp-content\/uploads\/2019\/03\/Program-2-1-10x12.png 10w\" sizes=\"auto, (max-width: 1080px) 100vw, 1080px\" \/><\/figure>\n<\/figure>\n\n\n\n<div style=\"height:100px\" aria-hidden=\"true\" class=\"wp-block-spacer\"><\/div>\n\n\n\n<hr class=\"wp-block-separator has-text-color has-vivid-purple-color has-alpha-channel-opacity has-vivid-purple-background-color has-background\"\/>\n\n\n\n<div style=\"height:30px\" aria-hidden=\"true\" class=\"wp-block-spacer\"><\/div>\n\n\n\n<h2 class=\"wp-block-heading has-black-color has-text-color\">7th National Conference on Rare Diseases with International Participation <\/h2>\n\n\n\n<blockquote class=\"wp-embedded-content\" data-secret=\"uPzC203rl9\"><a href=\"https:\/\/rijetke-bolesti.com\/en\/7-nacionalna-konferencija-o-rijetkim-bolestima-s-medunarodnim-sudjelovanjem\/\">7th National Conference on Rare Diseases with International Participation<\/a><\/blockquote><iframe loading=\"lazy\" class=\"wp-embedded-content\" sandbox=\"allow-scripts\" security=\"restricted\" style=\"position: absolute; visibility: hidden;\" title=\"7th National Conference on Rare Diseases with International Participation\" src=\"https:\/\/rijetke-bolesti.com\/7-nacionalna-konferencija-o-rijetkim-bolestima-s-medunarodnim-sudjelovanjem\/embed\/#?secret=0J7kBgGqYt#?secret=uPzC203rl9\" data-secret=\"uPzC203rl9\" width=\"500\" height=\"282\" frameborder=\"0\" marginwidth=\"0\" marginheight=\"0\" scrolling=\"no\"><\/iframe>\n\n\n\n<div style=\"height:53px\" aria-hidden=\"true\" class=\"wp-block-spacer\"><\/div>\n\n\n\n<figure class=\"wp-block-image size-large is-resized\"><a href=\"https:\/\/docs.google.com\/forms\/d\/e\/1FAIpQLSceGSQE8nh9cuDHubVMOfB0Kle4izehoZ2-Xyb4mJpK_ry4ww\/viewform\"><img loading=\"lazy\" decoding=\"async\" width=\"1024\" height=\"577\" src=\"https:\/\/rijetke-bolesti.com\/wp-content\/uploads\/2023\/05\/prijave-su-otvorene-1024x577.png\" alt=\"\" class=\"wp-image-3471\" style=\"width:840px;height:473px\" srcset=\"https:\/\/rijetke-bolesti.com\/wp-content\/uploads\/2023\/05\/prijave-su-otvorene-1024x577.png 1024w, https:\/\/rijetke-bolesti.com\/wp-content\/uploads\/2023\/05\/prijave-su-otvorene-300x169.png 300w, https:\/\/rijetke-bolesti.com\/wp-content\/uploads\/2023\/05\/prijave-su-otvorene-768x433.png 768w, https:\/\/rijetke-bolesti.com\/wp-content\/uploads\/2023\/05\/prijave-su-otvorene-1536x865.png 1536w, https:\/\/rijetke-bolesti.com\/wp-content\/uploads\/2023\/05\/prijave-su-otvorene-1200x675.png 1200w, https:\/\/rijetke-bolesti.com\/wp-content\/uploads\/2023\/05\/prijave-su-otvorene.png 1640w\" sizes=\"auto, (max-width: 1024px) 100vw, 1024px\" \/><\/a><\/figure>\n\n\n\n<p>We are pleased to invite you to our 7th National Conference on Rare Diseases with International Participation!<strong><em><br>The conference will take place on June 10, 2023, at Hotel Academia in Zagreb, in a hybrid format.<\/em><\/strong><br><br><strong><em><a href=\"https:\/\/docs.google.com\/forms\/d\/e\/1FAIpQLSceGSQE8nh9cuDHubVMOfB0Kle4izehoZ2-Xyb4mJpK_ry4ww\/viewform\">Registration via the registration form is required for participation. <\/a><\/em><\/strong><\/p>\n\n\n\n<div class=\"wp-block-buttons is-horizontal is-layout-flex wp-block-buttons-is-layout-flex\">\n<div class=\"wp-block-button\"><a class=\"wp-block-button__link has-vivid-purple-background-color has-background wp-element-button\" href=\"https:\/\/rijetke-bolesti.com\/wp-content\/uploads\/2019\/03\/26.5.-PROGRAM-KONFERENCIJA.pdf\">Conference Program - HR<\/a><\/div>\n\n\n\n<div class=\"wp-block-button\"><a class=\"wp-block-button__link has-vivid-purple-background-color has-background wp-element-button\" href=\"https:\/\/rijetke-bolesti.com\/wp-content\/uploads\/2019\/03\/26.5.2023.Program-English.pdf\">Conference Program<\/a><\/div>\n\n\n\n<div class=\"wp-block-button\"><a class=\"wp-block-button__link has-vivid-purple-background-color has-background wp-element-button\" href=\"https:\/\/docs.google.com\/forms\/d\/e\/1FAIpQLSceGSQE8nh9cuDHubVMOfB0Kle4izehoZ2-Xyb4mJpK_ry4ww\/viewform\" target=\"_blank\" rel=\"noreferrer noopener\">Registration Form<\/a><\/div>\n<\/div>\n\n\n\n<div style=\"height:64px\" aria-hidden=\"true\" class=\"wp-block-spacer\"><\/div>\n\n\n\n<figure class=\"wp-block-image size-large\"><img loading=\"lazy\" decoding=\"async\" width=\"1024\" height=\"726\" src=\"https:\/\/rijetke-bolesti.com\/wp-content\/uploads\/2023\/05\/Sponzori-kartica-3-1024x726.png\" alt=\"\" class=\"wp-image-3516\" srcset=\"https:\/\/rijetke-bolesti.com\/wp-content\/uploads\/2023\/05\/Sponzori-kartica-3-1024x726.png 1024w, https:\/\/rijetke-bolesti.com\/wp-content\/uploads\/2023\/05\/Sponzori-kartica-3-300x213.png 300w, https:\/\/rijetke-bolesti.com\/wp-content\/uploads\/2023\/05\/Sponzori-kartica-3-768x545.png 768w, https:\/\/rijetke-bolesti.com\/wp-content\/uploads\/2023\/05\/Sponzori-kartica-3-1536x1090.png 1536w, https:\/\/rijetke-bolesti.com\/wp-content\/uploads\/2023\/05\/Sponzori-kartica-3.png 1748w\" sizes=\"auto, (max-width: 1024px) 100vw, 1024px\" \/><\/figure>\n\n\n\n<div style=\"height:59px\" aria-hidden=\"true\" class=\"wp-block-spacer\"><\/div>\n\n\n\n<hr class=\"wp-block-separator has-text-color has-vivid-purple-color has-alpha-channel-opacity has-vivid-purple-background-color has-background is-style-default\"\/>\n\n\n\n<div style=\"height:30px\" aria-hidden=\"true\" class=\"wp-block-spacer\"><\/div>\n\n\n\n<h2 class=\"wp-block-heading\">6th National Conference and Symposium on Rare Diseases<\/h2>\n\n\n\n<blockquote class=\"wp-embedded-content\" data-secret=\"DIrMJyISde\"><a href=\"https:\/\/rijetke-bolesti.com\/en\/6-nacionalna-konferencija-i-simpozij-o-rijetkim-bolestima\/\">ODR\u017dANA 6. NACIONALNA KONFERENCIJA I SIMPOZIJ O RIJETKIM BOLESTIMA<\/a><\/blockquote><iframe loading=\"lazy\" class=\"wp-embedded-content\" sandbox=\"allow-scripts\" security=\"restricted\" style=\"position: absolute; visibility: hidden;\" title=\"&#8220;ODR\u017dANA 6. NACIONALNA KONFERENCIJA I SIMPOZIJ O RIJETKIM BOLESTIMA&#8221; &#8212; Hrvatski savez za rijetke bolesti\" src=\"https:\/\/rijetke-bolesti.com\/6-nacionalna-konferencija-i-simpozij-o-rijetkim-bolestima\/embed\/#?secret=Fh7wEm9SS3#?secret=DIrMJyISde\" data-secret=\"DIrMJyISde\" width=\"500\" height=\"282\" frameborder=\"0\" marginwidth=\"0\" marginheight=\"0\" scrolling=\"no\"><\/iframe>\n\n\n\n<div style=\"height:48px\" aria-hidden=\"true\" class=\"wp-block-spacer\"><\/div>\n\n\n\n<div class=\"wp-block-buttons is-layout-flex wp-block-buttons-is-layout-flex\">\n<div class=\"wp-block-button is-style-fill\"><a class=\"wp-block-button__link has-white-color has-vivid-purple-background-color has-text-color has-background wp-element-button\" href=\"https:\/\/rijetke-bolesti.com\/wp-content\/uploads\/2019\/03\/program_6konferencija_a5-4.pdf\" target=\"_blank\" rel=\"noopener\">Conference Program - HR<\/a><\/div>\n<\/div>\n\n\n\n<div style=\"height:48px\" aria-hidden=\"true\" class=\"wp-block-spacer\"><\/div>\n\n\n\n<figure class=\"wp-block-image size-large\"><img decoding=\"async\" src=\"https:\/\/rijetke-bolesti.com\/wp-content\/uploads\/2021\/02\/6konferencija_save_the_date.png\" alt=\"\"\/><\/figure>\n\n\n\n<div class=\"wp-block-group\"><div class=\"wp-block-group__inner-container is-layout-flow wp-block-group-is-layout-flow\">\n<div class=\"wp-block-group\"><div class=\"wp-block-group__inner-container is-layout-flow wp-block-group-is-layout-flow\"><\/div><\/div>\n<\/div><\/div>\n\n\n\n<hr class=\"wp-block-separator has-text-color has-vivid-purple-color has-alpha-channel-opacity has-vivid-purple-background-color has-background\"\/>","protected":false},"excerpt":{"rendered":"<p>8. Nacionalna konferencija o rijetkim bolestima s me\u0111unarodnim sudjelovanjem Osma nacionalna konferencija o rijetkim bolestima s me\u0111unarodnim sudjelovanjem odr\u017eana je u hotelu Zonar u Zagrebu, 4. rujna 2025. u organizaciji Hrvatskog saveza za rijetke bolesti, pod pokroviteljstvom Predsjednika Republike Hrvatske, Grada Zagreba, Ministarstva zdravstva i&#8230;<\/p>","protected":false},"author":2,"featured_media":5678,"parent":0,"menu_order":0,"comment_status":"closed","ping_status":"closed","template":"","meta":{"content-type":"","footnotes":""},"class_list":["post-944","page","type-page","status-publish","has-post-thumbnail","hentry"],"yoast_head":"<!-- This site is optimized with the Yoast SEO plugin v26.0 - https:\/\/yoast.com\/wordpress\/plugins\/seo\/ -->\n<title>Konferencije - Hrvatski savez za rijetke bolesti<\/title>\n<meta name=\"robots\" content=\"index, follow, max-snippet:-1, max-image-preview:large, max-video-preview:-1\" \/>\n<link rel=\"canonical\" href=\"https:\/\/rijetke-bolesti.com\/en\/konferencije\/\" \/>\n<meta property=\"og:locale\" content=\"en_GB\" \/>\n<meta property=\"og:type\" content=\"article\" \/>\n<meta property=\"og:title\" content=\"Konferencije - Hrvatski savez za rijetke bolesti\" \/>\n<meta property=\"og:description\" content=\"8. Nacionalna konferencija o rijetkim bolestima s me\u0111unarodnim sudjelovanjem Osma nacionalna konferencija o rijetkim bolestima s me\u0111unarodnim sudjelovanjem odr\u017eana je u hotelu Zonar u Zagrebu, 4. rujna 2025. u organizaciji Hrvatskog saveza za rijetke bolesti, pod pokroviteljstvom Predsjednika Republike Hrvatske, Grada Zagreba, Ministarstva zdravstva i...\" \/>\n<meta property=\"og:url\" content=\"https:\/\/rijetke-bolesti.com\/en\/konferencije\/\" \/>\n<meta property=\"og:site_name\" content=\"Hrvatski savez za rijetke bolesti\" \/>\n<meta property=\"article:modified_time\" content=\"2025-09-17T09:32:16+00:00\" \/>\n<meta property=\"og:image\" content=\"https:\/\/rijetke-bolesti.com\/wp-content\/uploads\/2025\/09\/DSC_5817.jpg\" \/>\n\t<meta property=\"og:image:width\" content=\"1620\" \/>\n\t<meta property=\"og:image:height\" content=\"1087\" \/>\n\t<meta property=\"og:image:type\" content=\"image\/jpeg\" \/>\n<meta name=\"twitter:card\" content=\"summary_large_image\" \/>\n<meta name=\"twitter:label1\" content=\"Estimated reading time\" \/>\n\t<meta name=\"twitter:data1\" content=\"3 minutes\" \/>\n<script type=\"application\/ld+json\" class=\"yoast-schema-graph\">{\"@context\":\"https:\/\/schema.org\",\"@graph\":[{\"@type\":\"WebPage\",\"@id\":\"https:\/\/rijetke-bolesti.com\/konferencije\/\",\"url\":\"https:\/\/rijetke-bolesti.com\/konferencije\/\",\"name\":\"Konferencije - Hrvatski savez za rijetke bolesti\",\"isPartOf\":{\"@id\":\"https:\/\/rijetke-bolesti.com\/#website\"},\"primaryImageOfPage\":{\"@id\":\"https:\/\/rijetke-bolesti.com\/konferencije\/#primaryimage\"},\"image\":{\"@id\":\"https:\/\/rijetke-bolesti.com\/konferencije\/#primaryimage\"},\"thumbnailUrl\":\"https:\/\/rijetke-bolesti.com\/wp-content\/uploads\/2025\/09\/DSC_5817.jpg\",\"datePublished\":\"2021-01-27T10:39:25+00:00\",\"dateModified\":\"2025-09-17T09:32:16+00:00\",\"breadcrumb\":{\"@id\":\"https:\/\/rijetke-bolesti.com\/konferencije\/#breadcrumb\"},\"inLanguage\":\"en-GB\",\"potentialAction\":[{\"@type\":\"ReadAction\",\"target\":[\"https:\/\/rijetke-bolesti.com\/konferencije\/\"]}]},{\"@type\":\"ImageObject\",\"inLanguage\":\"en-GB\",\"@id\":\"https:\/\/rijetke-bolesti.com\/konferencije\/#primaryimage\",\"url\":\"https:\/\/rijetke-bolesti.com\/wp-content\/uploads\/2025\/09\/DSC_5817.jpg\",\"contentUrl\":\"https:\/\/rijetke-bolesti.com\/wp-content\/uploads\/2025\/09\/DSC_5817.jpg\",\"width\":1620,\"height\":1087},{\"@type\":\"BreadcrumbList\",\"@id\":\"https:\/\/rijetke-bolesti.com\/konferencije\/#breadcrumb\",\"itemListElement\":[{\"@type\":\"ListItem\",\"position\":1,\"name\":\"Home\",\"item\":\"https:\/\/rijetke-bolesti.com\/\"},{\"@type\":\"ListItem\",\"position\":2,\"name\":\"Konferencije\"}]},{\"@type\":\"WebSite\",\"@id\":\"https:\/\/rijetke-bolesti.com\/#website\",\"url\":\"https:\/\/rijetke-bolesti.com\/\",\"name\":\"Hrvatski savez za rijetke bolesti\",\"description\":\"Za\u0161tita i unapre\u0111enje kvalitete \u017eivota osoba oboljelih\u00a0 od rijetkih bolesti\",\"potentialAction\":[{\"@type\":\"SearchAction\",\"target\":{\"@type\":\"EntryPoint\",\"urlTemplate\":\"https:\/\/rijetke-bolesti.com\/?s={search_term_string}\"},\"query-input\":{\"@type\":\"PropertyValueSpecification\",\"valueRequired\":true,\"valueName\":\"search_term_string\"}}],\"inLanguage\":\"en-GB\"}]}<\/script>\n<!-- \/ Yoast SEO plugin. -->","yoast_head_json":{"title":"Konferencije - Hrvatski savez za rijetke bolesti","robots":{"index":"index","follow":"follow","max-snippet":"max-snippet:-1","max-image-preview":"max-image-preview:large","max-video-preview":"max-video-preview:-1"},"canonical":"https:\/\/rijetke-bolesti.com\/en\/konferencije\/","og_locale":"en_GB","og_type":"article","og_title":"Konferencije - Hrvatski savez za rijetke bolesti","og_description":"8. Nacionalna konferencija o rijetkim bolestima s me\u0111unarodnim sudjelovanjem Osma nacionalna konferencija o rijetkim bolestima s me\u0111unarodnim sudjelovanjem odr\u017eana je u hotelu Zonar u Zagrebu, 4. rujna 2025. u organizaciji Hrvatskog saveza za rijetke bolesti, pod pokroviteljstvom Predsjednika Republike Hrvatske, Grada Zagreba, Ministarstva zdravstva i...","og_url":"https:\/\/rijetke-bolesti.com\/en\/konferencije\/","og_site_name":"Hrvatski savez za rijetke bolesti","article_modified_time":"2025-09-17T09:32:16+00:00","og_image":[{"width":1620,"height":1087,"url":"https:\/\/rijetke-bolesti.com\/wp-content\/uploads\/2025\/09\/DSC_5817.jpg","type":"image\/jpeg"}],"twitter_card":"summary_large_image","twitter_misc":{"Estimated reading time":"3 minutes"},"schema":{"@context":"https:\/\/schema.org","@graph":[{"@type":"WebPage","@id":"https:\/\/rijetke-bolesti.com\/konferencije\/","url":"https:\/\/rijetke-bolesti.com\/konferencije\/","name":"Konferencije - Hrvatski savez za rijetke bolesti","isPartOf":{"@id":"https:\/\/rijetke-bolesti.com\/#website"},"primaryImageOfPage":{"@id":"https:\/\/rijetke-bolesti.com\/konferencije\/#primaryimage"},"image":{"@id":"https:\/\/rijetke-bolesti.com\/konferencije\/#primaryimage"},"thumbnailUrl":"https:\/\/rijetke-bolesti.com\/wp-content\/uploads\/2025\/09\/DSC_5817.jpg","datePublished":"2021-01-27T10:39:25+00:00","dateModified":"2025-09-17T09:32:16+00:00","breadcrumb":{"@id":"https:\/\/rijetke-bolesti.com\/konferencije\/#breadcrumb"},"inLanguage":"en-GB","potentialAction":[{"@type":"ReadAction","target":["https:\/\/rijetke-bolesti.com\/konferencije\/"]}]},{"@type":"ImageObject","inLanguage":"en-GB","@id":"https:\/\/rijetke-bolesti.com\/konferencije\/#primaryimage","url":"https:\/\/rijetke-bolesti.com\/wp-content\/uploads\/2025\/09\/DSC_5817.jpg","contentUrl":"https:\/\/rijetke-bolesti.com\/wp-content\/uploads\/2025\/09\/DSC_5817.jpg","width":1620,"height":1087},{"@type":"BreadcrumbList","@id":"https:\/\/rijetke-bolesti.com\/konferencije\/#breadcrumb","itemListElement":[{"@type":"ListItem","position":1,"name":"Home","item":"https:\/\/rijetke-bolesti.com\/"},{"@type":"ListItem","position":2,"name":"Konferencije"}]},{"@type":"WebSite","@id":"https:\/\/rijetke-bolesti.com\/#website","url":"https:\/\/rijetke-bolesti.com\/","name":"Hrvatski savez za rijetke bolesti","description":"Za\u0161tita i unapre\u0111enje kvalitete \u017eivota osoba oboljelih\u00a0 od rijetkih bolesti","potentialAction":[{"@type":"SearchAction","target":{"@type":"EntryPoint","urlTemplate":"https:\/\/rijetke-bolesti.com\/?s={search_term_string}"},"query-input":{"@type":"PropertyValueSpecification","valueRequired":true,"valueName":"search_term_string"}}],"inLanguage":"en-GB"}]}},"_links":{"self":[{"href":"https:\/\/rijetke-bolesti.com\/en\/wp-json\/wp\/v2\/pages\/944","targetHints":{"allow":["GET"]}}],"collection":[{"href":"https:\/\/rijetke-bolesti.com\/en\/wp-json\/wp\/v2\/pages"}],"about":[{"href":"https:\/\/rijetke-bolesti.com\/en\/wp-json\/wp\/v2\/types\/page"}],"author":[{"embeddable":true,"href":"https:\/\/rijetke-bolesti.com\/en\/wp-json\/wp\/v2\/users\/2"}],"replies":[{"embeddable":true,"href":"https:\/\/rijetke-bolesti.com\/en\/wp-json\/wp\/v2\/comments?post=944"}],"version-history":[{"count":71,"href":"https:\/\/rijetke-bolesti.com\/en\/wp-json\/wp\/v2\/pages\/944\/revisions"}],"predecessor-version":[{"id":5707,"href":"https:\/\/rijetke-bolesti.com\/en\/wp-json\/wp\/v2\/pages\/944\/revisions\/5707"}],"wp:featuredmedia":[{"embeddable":true,"href":"https:\/\/rijetke-bolesti.com\/en\/wp-json\/wp\/v2\/media\/5678"}],"wp:attachment":[{"href":"https:\/\/rijetke-bolesti.com\/en\/wp-json\/wp\/v2\/media?parent=944"}],"curies":[{"name":"wp","href":"https:\/\/api.w.org\/{rel}","templated":true}]}}