{"id":672,"date":"2020-12-17T19:57:43","date_gmt":"2020-12-17T17:57:43","guid":{"rendered":"https:\/\/rijetke-bolesti.com\/?page_id=672"},"modified":"2026-03-13T13:19:30","modified_gmt":"2026-03-13T11:19:30","slug":"rijetka-infoteka","status":"publish","type":"page","link":"https:\/\/rijetke-bolesti.com\/en\/rijetke-bolesti\/rijetka-infoteka\/","title":{"rendered":"Rare Infotheque"},"content":{"rendered":"<div class=\"vc_row wpb_row vc_row-fluid vc_row_1614950811\"><div class=\"wpb_column vc_column_container vc_col-sm-12 vc_column_903149550\"><div class=\"vc_column-inner\"><div class=\"wpb_wrapper\">\n\t<div  class=\"wpb_single_image wpb_content_element vc_align_center\">\n\t\t\n\t\t<figure class=\"wpb_wrapper vc_figure\">\n\t\t\t<div class=\"vc_single_image-wrapper   vc_box_border_grey\"><img loading=\"lazy\" decoding=\"async\" width=\"1024\" height=\"576\" src=\"https:\/\/rijetke-bolesti.com\/wp-content\/uploads\/2023\/01\/Rijetka-Infoteka-1024x576.png\" class=\"vc_single_image-img attachment-large\" alt=\"\" srcset=\"https:\/\/rijetke-bolesti.com\/wp-content\/uploads\/2023\/01\/Rijetka-Infoteka-1024x576.png 1024w, https:\/\/rijetke-bolesti.com\/wp-content\/uploads\/2023\/01\/Rijetka-Infoteka-300x169.png 300w, https:\/\/rijetke-bolesti.com\/wp-content\/uploads\/2023\/01\/Rijetka-Infoteka-768x432.png 768w, https:\/\/rijetke-bolesti.com\/wp-content\/uploads\/2023\/01\/Rijetka-Infoteka.png 1120w\" sizes=\"auto, (max-width: 1024px) 100vw, 1024px\" \/><\/div>\n\t\t<\/figure>\n\t<\/div>\n\n\t<div class=\"wpb_text_column wpb_content_element\" >\n\t\t<div class=\"wpb_wrapper\">\n\t\t\t<h3 class=\"wp-block-heading\"><em>Rare Infotheque <\/em><strong>is being established as a platform to inform members and affiliated organizations about various updates related to rare diseases. As information on rare diseases is often inaccessible, the exchange of knowledge among patients, family members, and professionals is of great importance. Here, you will find valuable resources concerning rare diseases, medications, treatments, and a variety of other information collected through our daily interactions with collaborators and members. Given the vast number of rare diseases, categorizing this information poses a challenge, yet we consider it essential to share it.<\/strong><\/h3>\n<div style=\"height:100px\" aria-hidden=\"true\" class=\"wp-block-spacer\"><\/div>\n<h2 class=\"wp-block-heading\">Edukativna kampanja o rijetkim bolestima u velja\u010di<\/h2>\n\n\t\t<\/div>\n\t<\/div>\n<style type=\"text\/css\"> .vc_column_903149550:not(.vc_parallax):not(.jarallax) { overflow: center!important; position: relative; }<\/style><\/div><\/div><\/div><style type=\"text\/css\"> .vc_row_1614950811:not(.vc_parallax) { overflow: center!important; position: relative; }<\/style><\/div><div class=\"vc_row wpb_row vc_row-fluid vc_row_1871627401\"><div class=\"wpb_column vc_column_container vc_col-sm-12 vc_column_767509771\"><div class=\"vc_column-inner\"><div class=\"wpb_wrapper\">\r\n\r\n\r\n\r\n<div class=\"sh-recent-posts\" id=\"recent-posts-iTABQYFNhc\" data-id=\"3\">\r\n\r\n\t\t\r\n\t<div class=\"sh-group blog-list blog-style-masonry\">\r\n\t\t\r\n\t<article id=\"post-6563\" class=\"post-item post-6563 post type-post status-publish format-standard has-post-thumbnail hentry category-rijetka-infoteka\" itemscope=\"itemscope\" itemtype=\"http:\/\/schema.org\/Article\">\r\n\t\t<div class=\"post-container\">\r\n\t\t\t\r\n\t\t\t<div class=\"post-meta-thumb\">\r\n\t\t\t\t\r\n\t\t\t\t\t\t\t\t\t<img loading=\"lazy\" decoding=\"async\" width=\"1024\" height=\"522\" src=\"https:\/\/rijetke-bolesti.com\/wp-content\/uploads\/2026\/08\/glavna-fotka-3-1024x522.png\" class=\"attachment-large size-large wp-post-image\" alt=\"\" srcset=\"https:\/\/rijetke-bolesti.com\/wp-content\/uploads\/2026\/08\/glavna-fotka-3-1024x522.png 1024w, https:\/\/rijetke-bolesti.com\/wp-content\/uploads\/2026\/08\/glavna-fotka-3-300x153.png 300w, https:\/\/rijetke-bolesti.com\/wp-content\/uploads\/2026\/08\/glavna-fotka-3-768x392.png 768w, https:\/\/rijetke-bolesti.com\/wp-content\/uploads\/2026\/08\/glavna-fotka-3-18x9.png 18w, https:\/\/rijetke-bolesti.com\/wp-content\/uploads\/2026\/08\/glavna-fotka-3.png 1122w\" sizes=\"auto, (max-width: 1024px) 100vw, 1024px\" \/>\t\t\t\t\r\n\t\t\t\t\r\n        <div class=\"sh-overlay-style1\">\r\n            <div class=\"sh-table-full\">\r\n                                    <a href=\"https:\/\/rijetke-bolesti.com\/en\/vise-od-dijagnoze-price-ljudi-koji-zive-sa-spinalnom-misicnom-atrofijom-6\/\" class=\"sh-overlay-item sh-table-cell\" title=\"Open the article - Vi\u0161e od dijagnoze: pri\u010de ljudi koji \u017eive sa spinalnom mi\u0161i\u0107nom atrofijom\">\r\n                        <div class=\"sh-overlay-item-container\">\r\n                            <i class=\"icon-link\"><\/i>\r\n                        <\/div>\r\n                    <\/a>\r\n                \r\n                                    <a href=\"https:\/\/rijetke-bolesti.com\/wp-content\/uploads\/2026\/08\/glavna-fotka-3-1024x522.png\" class=\"sh-overlay-item sh-table-cell\" data-rel=\"lightcase\">\r\n                        <div class=\"sh-overlay-item-container\">\r\n                            <i class=\"icon-magnifier-add\"><\/i>\r\n                        <\/div>\r\n                    <\/a>\r\n                            <\/div>\r\n        <\/div>\r\n\r\n    \t\t\t<\/div>\r\n\r\n\t\t\t<div class=\"post-content-container\">\r\n\t\t\t\t<a href=\"https:\/\/rijetke-bolesti.com\/en\/vise-od-dijagnoze-price-ljudi-koji-zive-sa-spinalnom-misicnom-atrofijom-6\/\" class=\"post-title\">\r\n\t\t\t\t\t<h2 itemprop=\"headline\">\r\n\t\t\t\t\t\t\t\t\t\t\t\tVi\u0161e od dijagnoze: pri\u010de ljudi koji \u017eive sa spinalnom mi\u0161i\u0107nom atrofijom\t\t\t\t\t<\/h2>\r\n\t\t\t\t<\/a>\r\n\r\n\t\t\t\t<div class=\"post-meta post-meta-one\">\r\n\t\t\t\t\t\r\n        <span class=\"post-meta-author\">\r\n            by            <a href=\"https:\/\/rijetke-bolesti.com\/en\/author\/sara\/\" class=\"bypostauthor\" itemprop=\"url\" rel=\"author\">\r\n                sara            <\/a>\r\n        <\/span>\r\n\r\n                    <time class=\"updated semantic\" itemprop=\"dateModified\" datetime=\"2026-08-12T08:16:29+00:00\"><\/time>\r\n            <a href=\"https:\/\/rijetke-bolesti.com\/en\/vise-od-dijagnoze-price-ljudi-koji-zive-sa-spinalnom-misicnom-atrofijom-6\/\" class=\"post-meta-date sh-default-color\">August 31, 2026<\/a>\r\n        \r\n    \t\t\t\t<\/div>\r\n\r\n\t\t\t\t<div class=\"post-content\" itemprop=\"text\">\r\n\t\t\t\t\t<p>Kristinina pri\u010da U Mjesecu svjesnosti o SMA dijelimo pri\u010de ljudi koji svakodnevno pokazuju da \u017eivot sa SMA nije samo pri\u010da o izazovima \u2013 nego i o snazi, ljubavi, snovima i malim i velikim pobjedama. Kristina Hor\u017ei\u0107 ima 32 godine. Ona je k\u0107i, sestra, prijateljica, partnerica&#8230;<\/p>\n\t\t\t\t<\/div>\r\n\r\n\t\t\t\t<div class=\"post-meta post-meta-two\">\r\n\t\t\t\t\t\r\n        <div class=\"sh-columns post-meta-comments\">\r\n            <span class=\"post-meta-categories\">\r\n                <i class=\"icon-tag\"><\/i>\r\n                <a href=\"https:\/\/rijetke-bolesti.com\/en\/category\/usluge\/rijetka-infoteka\/\" rel=\"category tag\">Rare Infotheque<\/a>            <\/span>\r\n\r\n                            <meta itemprop=\"interactionCount\" content=\"UserComments:0\">\r\n                <a href=\"https:\/\/rijetke-bolesti.com\/en\/vise-od-dijagnoze-price-ljudi-koji-zive-sa-spinalnom-misicnom-atrofijom-6\/#comments\" class=\"post-meta-comments\">\r\n                    <i class=\"icon-speech\"><\/i>\r\n                    0                <\/a>\r\n                    <\/div>\r\n\r\n    \t\t\t\t<\/div>\r\n\t\t\t<\/div>\r\n\r\n\t\t<\/div>\r\n\t<\/article>\r\n\r\n\r\n\r\n\t<article id=\"post-6562\" class=\"post-item post-6562 post type-post status-publish format-standard has-post-thumbnail hentry category-rijetka-infoteka\" itemscope=\"itemscope\" itemtype=\"http:\/\/schema.org\/Article\">\r\n\t\t<div class=\"post-container\">\r\n\t\t\t\r\n\t\t\t<div class=\"post-meta-thumb\">\r\n\t\t\t\t\r\n\t\t\t\t\t\t\t\t\t<img loading=\"lazy\" decoding=\"async\" width=\"1024\" height=\"522\" src=\"https:\/\/rijetke-bolesti.com\/wp-content\/uploads\/2026\/08\/glavna-fotka-3-1024x522.png\" class=\"attachment-large size-large wp-post-image\" alt=\"\" srcset=\"https:\/\/rijetke-bolesti.com\/wp-content\/uploads\/2026\/08\/glavna-fotka-3-1024x522.png 1024w, https:\/\/rijetke-bolesti.com\/wp-content\/uploads\/2026\/08\/glavna-fotka-3-300x153.png 300w, https:\/\/rijetke-bolesti.com\/wp-content\/uploads\/2026\/08\/glavna-fotka-3-768x392.png 768w, https:\/\/rijetke-bolesti.com\/wp-content\/uploads\/2026\/08\/glavna-fotka-3-18x9.png 18w, https:\/\/rijetke-bolesti.com\/wp-content\/uploads\/2026\/08\/glavna-fotka-3.png 1122w\" sizes=\"auto, (max-width: 1024px) 100vw, 1024px\" \/>\t\t\t\t\r\n\t\t\t\t\r\n        <div class=\"sh-overlay-style1\">\r\n            <div class=\"sh-table-full\">\r\n                                    <a href=\"https:\/\/rijetke-bolesti.com\/en\/vise-od-dijagnoze-price-ljudi-koji-zive-sa-spinalnom-misicnom-atrofijom-5\/\" class=\"sh-overlay-item sh-table-cell\" title=\"Open the article - Vi\u0161e od dijagnoze: pri\u010de ljudi koji \u017eive sa spinalnom mi\u0161i\u0107nom atrofijom\">\r\n                        <div class=\"sh-overlay-item-container\">\r\n                            <i class=\"icon-link\"><\/i>\r\n                        <\/div>\r\n                    <\/a>\r\n                \r\n                                    <a href=\"https:\/\/rijetke-bolesti.com\/wp-content\/uploads\/2026\/08\/glavna-fotka-3-1024x522.png\" class=\"sh-overlay-item sh-table-cell\" data-rel=\"lightcase\">\r\n                        <div class=\"sh-overlay-item-container\">\r\n                            <i class=\"icon-magnifier-add\"><\/i>\r\n                        <\/div>\r\n                    <\/a>\r\n                            <\/div>\r\n        <\/div>\r\n\r\n    \t\t\t<\/div>\r\n\r\n\t\t\t<div class=\"post-content-container\">\r\n\t\t\t\t<a href=\"https:\/\/rijetke-bolesti.com\/en\/vise-od-dijagnoze-price-ljudi-koji-zive-sa-spinalnom-misicnom-atrofijom-5\/\" class=\"post-title\">\r\n\t\t\t\t\t<h2 itemprop=\"headline\">\r\n\t\t\t\t\t\t\t\t\t\t\t\tVi\u0161e od dijagnoze: pri\u010de ljudi koji \u017eive sa spinalnom mi\u0161i\u0107nom atrofijom\t\t\t\t\t<\/h2>\r\n\t\t\t\t<\/a>\r\n\r\n\t\t\t\t<div class=\"post-meta post-meta-one\">\r\n\t\t\t\t\t\r\n        <span class=\"post-meta-author\">\r\n            by            <a href=\"https:\/\/rijetke-bolesti.com\/en\/author\/sara\/\" class=\"bypostauthor\" itemprop=\"url\" rel=\"author\">\r\n                sara            <\/a>\r\n        <\/span>\r\n\r\n                    <time class=\"updated semantic\" itemprop=\"dateModified\" datetime=\"2026-08-12T08:12:11+00:00\"><\/time>\r\n            <a href=\"https:\/\/rijetke-bolesti.com\/en\/vise-od-dijagnoze-price-ljudi-koji-zive-sa-spinalnom-misicnom-atrofijom-5\/\" class=\"post-meta-date sh-default-color\">August 28, 2026<\/a>\r\n        \r\n    \t\t\t\t<\/div>\r\n\r\n\t\t\t\t<div class=\"post-content\" itemprop=\"text\">\r\n\t\t\t\t\t<p>Marinina i Lovrina pri\u010da Kad postanete roditelj djeteta koje \u017eivi sa spinalnom mi\u0161i\u0107nom atrofijom, nau\u010dite da se \u017eivot ne mjeri velikim planovima, nego malim pobjedama. Svakim novim danom, svakim osmijehom i svakim trenutkom koji zajedno dijelite. Lovrina mama Marina ka\u017ee da je upravo on nau\u010dio&#8230;<\/p>\n\t\t\t\t<\/div>\r\n\r\n\t\t\t\t<div class=\"post-meta post-meta-two\">\r\n\t\t\t\t\t\r\n        <div class=\"sh-columns post-meta-comments\">\r\n            <span class=\"post-meta-categories\">\r\n                <i class=\"icon-tag\"><\/i>\r\n                <a href=\"https:\/\/rijetke-bolesti.com\/en\/category\/usluge\/rijetka-infoteka\/\" rel=\"category tag\">Rare Infotheque<\/a>            <\/span>\r\n\r\n                            <meta itemprop=\"interactionCount\" content=\"UserComments:0\">\r\n                <a href=\"https:\/\/rijetke-bolesti.com\/en\/vise-od-dijagnoze-price-ljudi-koji-zive-sa-spinalnom-misicnom-atrofijom-5\/#comments\" class=\"post-meta-comments\">\r\n                    <i class=\"icon-speech\"><\/i>\r\n                    0                <\/a>\r\n                    <\/div>\r\n\r\n    \t\t\t\t<\/div>\r\n\t\t\t<\/div>\r\n\r\n\t\t<\/div>\r\n\t<\/article>\r\n\r\n\r\n\r\n\t<article id=\"post-6561\" class=\"post-item post-6561 post type-post status-publish format-standard has-post-thumbnail hentry category-rijetka-infoteka\" itemscope=\"itemscope\" itemtype=\"http:\/\/schema.org\/Article\">\r\n\t\t<div class=\"post-container\">\r\n\t\t\t\r\n\t\t\t<div class=\"post-meta-thumb\">\r\n\t\t\t\t\r\n\t\t\t\t\t\t\t\t\t<img loading=\"lazy\" decoding=\"async\" width=\"1024\" height=\"522\" src=\"https:\/\/rijetke-bolesti.com\/wp-content\/uploads\/2026\/08\/glavna-fotka-3-1024x522.png\" class=\"attachment-large size-large wp-post-image\" alt=\"\" srcset=\"https:\/\/rijetke-bolesti.com\/wp-content\/uploads\/2026\/08\/glavna-fotka-3-1024x522.png 1024w, https:\/\/rijetke-bolesti.com\/wp-content\/uploads\/2026\/08\/glavna-fotka-3-300x153.png 300w, https:\/\/rijetke-bolesti.com\/wp-content\/uploads\/2026\/08\/glavna-fotka-3-768x392.png 768w, https:\/\/rijetke-bolesti.com\/wp-content\/uploads\/2026\/08\/glavna-fotka-3-18x9.png 18w, https:\/\/rijetke-bolesti.com\/wp-content\/uploads\/2026\/08\/glavna-fotka-3.png 1122w\" sizes=\"auto, (max-width: 1024px) 100vw, 1024px\" \/>\t\t\t\t\r\n\t\t\t\t\r\n        <div class=\"sh-overlay-style1\">\r\n            <div class=\"sh-table-full\">\r\n                                    <a href=\"https:\/\/rijetke-bolesti.com\/en\/vise-od-dijagnoze-price-ljudi-koji-zive-sa-spinalnom-misicnom-atrofijom-4\/\" class=\"sh-overlay-item sh-table-cell\" title=\"Open the article - Vi\u0161e od dijagnoze: pri\u010de ljudi koji \u017eive sa spinalnom mi\u0161i\u0107nom atrofijom\">\r\n                        <div class=\"sh-overlay-item-container\">\r\n                            <i class=\"icon-link\"><\/i>\r\n                        <\/div>\r\n                    <\/a>\r\n                \r\n                                    <a href=\"https:\/\/rijetke-bolesti.com\/wp-content\/uploads\/2026\/08\/glavna-fotka-3-1024x522.png\" class=\"sh-overlay-item sh-table-cell\" data-rel=\"lightcase\">\r\n                        <div class=\"sh-overlay-item-container\">\r\n                            <i class=\"icon-magnifier-add\"><\/i>\r\n                        <\/div>\r\n                    <\/a>\r\n                            <\/div>\r\n        <\/div>\r\n\r\n    \t\t\t<\/div>\r\n\r\n\t\t\t<div class=\"post-content-container\">\r\n\t\t\t\t<a href=\"https:\/\/rijetke-bolesti.com\/en\/vise-od-dijagnoze-price-ljudi-koji-zive-sa-spinalnom-misicnom-atrofijom-4\/\" class=\"post-title\">\r\n\t\t\t\t\t<h2 itemprop=\"headline\">\r\n\t\t\t\t\t\t\t\t\t\t\t\tVi\u0161e od dijagnoze: pri\u010de ljudi koji \u017eive sa spinalnom mi\u0161i\u0107nom atrofijom\t\t\t\t\t<\/h2>\r\n\t\t\t\t<\/a>\r\n\r\n\t\t\t\t<div class=\"post-meta post-meta-one\">\r\n\t\t\t\t\t\r\n        <span class=\"post-meta-author\">\r\n            by            <a href=\"https:\/\/rijetke-bolesti.com\/en\/author\/sara\/\" class=\"bypostauthor\" itemprop=\"url\" rel=\"author\">\r\n                sara            <\/a>\r\n        <\/span>\r\n\r\n                    <time class=\"updated semantic\" itemprop=\"dateModified\" datetime=\"2026-08-12T08:12:16+00:00\"><\/time>\r\n            <a href=\"https:\/\/rijetke-bolesti.com\/en\/vise-od-dijagnoze-price-ljudi-koji-zive-sa-spinalnom-misicnom-atrofijom-4\/\" class=\"post-meta-date sh-default-color\">August 24, 2026<\/a>\r\n        \r\n    \t\t\t\t<\/div>\r\n\r\n\t\t\t\t<div class=\"post-content\" itemprop=\"text\">\r\n\t\t\t\t\t<p>Ivonina i Teina pri\u010da \u201eTea nas svakodnevno podsje\u0107a da se \u017eivot ne mjeri onime \u0161to ne mo\u017eemo, ve\u0107 svim onim \u0161to mo\u017eemo i \u0161to tek mo\u017eemo posti\u0107i.\u201c Tea je vesela, posebna i jako uporna djevoj\u010dica. Voli pri\u010dati, \u0161aliti se, igrati igrice sa svojim prijateljem Dorianom&#8230;<\/p>\n\t\t\t\t<\/div>\r\n\r\n\t\t\t\t<div class=\"post-meta post-meta-two\">\r\n\t\t\t\t\t\r\n        <div class=\"sh-columns post-meta-comments\">\r\n            <span class=\"post-meta-categories\">\r\n                <i class=\"icon-tag\"><\/i>\r\n                <a href=\"https:\/\/rijetke-bolesti.com\/en\/category\/usluge\/rijetka-infoteka\/\" rel=\"category tag\">Rare Infotheque<\/a>            <\/span>\r\n\r\n                            <meta itemprop=\"interactionCount\" content=\"UserComments:0\">\r\n                <a href=\"https:\/\/rijetke-bolesti.com\/en\/vise-od-dijagnoze-price-ljudi-koji-zive-sa-spinalnom-misicnom-atrofijom-4\/#comments\" class=\"post-meta-comments\">\r\n                    <i class=\"icon-speech\"><\/i>\r\n                    0                <\/a>\r\n                    <\/div>\r\n\r\n    \t\t\t\t<\/div>\r\n\t\t\t<\/div>\r\n\r\n\t\t<\/div>\r\n\t<\/article>\r\n\r\n\r\n\r\n\t<article id=\"post-6543\" class=\"post-item post-6543 post type-post status-publish format-standard has-post-thumbnail hentry category-rijetka-infoteka\" itemscope=\"itemscope\" itemtype=\"http:\/\/schema.org\/Article\">\r\n\t\t<div class=\"post-container\">\r\n\t\t\t\r\n\t\t\t<div class=\"post-meta-thumb\">\r\n\t\t\t\t\r\n\t\t\t\t\t\t\t\t\t<img loading=\"lazy\" decoding=\"async\" width=\"1024\" height=\"522\" src=\"https:\/\/rijetke-bolesti.com\/wp-content\/uploads\/2026\/08\/glavna-fotka-2-1024x522.png\" class=\"attachment-large size-large wp-post-image\" alt=\"\" srcset=\"https:\/\/rijetke-bolesti.com\/wp-content\/uploads\/2026\/08\/glavna-fotka-2-1024x522.png 1024w, https:\/\/rijetke-bolesti.com\/wp-content\/uploads\/2026\/08\/glavna-fotka-2-300x153.png 300w, https:\/\/rijetke-bolesti.com\/wp-content\/uploads\/2026\/08\/glavna-fotka-2-768x392.png 768w, https:\/\/rijetke-bolesti.com\/wp-content\/uploads\/2026\/08\/glavna-fotka-2-18x9.png 18w, https:\/\/rijetke-bolesti.com\/wp-content\/uploads\/2026\/08\/glavna-fotka-2.png 1122w\" sizes=\"auto, (max-width: 1024px) 100vw, 1024px\" \/>\t\t\t\t\r\n\t\t\t\t\r\n        <div class=\"sh-overlay-style1\">\r\n            <div class=\"sh-table-full\">\r\n                                    <a href=\"https:\/\/rijetke-bolesti.com\/en\/vise-od-dijagnoze-price-ljudi-koji-zive-sa-spinalnom-misicnom-atrofijom-3\/\" class=\"sh-overlay-item sh-table-cell\" title=\"Open the article - Vi\u0161e od dijagnoze: pri\u010de ljudi koji \u017eive sa spinalnom mi\u0161i\u0107nom atrofijom\">\r\n                        <div class=\"sh-overlay-item-container\">\r\n                            <i class=\"icon-link\"><\/i>\r\n                        <\/div>\r\n                    <\/a>\r\n                \r\n                                    <a href=\"https:\/\/rijetke-bolesti.com\/wp-content\/uploads\/2026\/08\/glavna-fotka-2-1024x522.png\" class=\"sh-overlay-item sh-table-cell\" data-rel=\"lightcase\">\r\n                        <div class=\"sh-overlay-item-container\">\r\n                            <i class=\"icon-magnifier-add\"><\/i>\r\n                        <\/div>\r\n                    <\/a>\r\n                            <\/div>\r\n        <\/div>\r\n\r\n    \t\t\t<\/div>\r\n\r\n\t\t\t<div class=\"post-content-container\">\r\n\t\t\t\t<a href=\"https:\/\/rijetke-bolesti.com\/en\/vise-od-dijagnoze-price-ljudi-koji-zive-sa-spinalnom-misicnom-atrofijom-3\/\" class=\"post-title\">\r\n\t\t\t\t\t<h2 itemprop=\"headline\">\r\n\t\t\t\t\t\t\t\t\t\t\t\tVi\u0161e od dijagnoze: pri\u010de ljudi koji \u017eive sa spinalnom mi\u0161i\u0107nom atrofijom\t\t\t\t\t<\/h2>\r\n\t\t\t\t<\/a>\r\n\r\n\t\t\t\t<div class=\"post-meta post-meta-one\">\r\n\t\t\t\t\t\r\n        <span class=\"post-meta-author\">\r\n            by            <a href=\"https:\/\/rijetke-bolesti.com\/en\/author\/sara\/\" class=\"bypostauthor\" itemprop=\"url\" rel=\"author\">\r\n                sara            <\/a>\r\n        <\/span>\r\n\r\n                    <time class=\"updated semantic\" itemprop=\"dateModified\" datetime=\"2026-08-12T07:49:51+00:00\"><\/time>\r\n            <a href=\"https:\/\/rijetke-bolesti.com\/en\/vise-od-dijagnoze-price-ljudi-koji-zive-sa-spinalnom-misicnom-atrofijom-3\/\" class=\"post-meta-date sh-default-color\">August 21, 2026<\/a>\r\n        \r\n    \t\t\t\t<\/div>\r\n\r\n\t\t\t\t<div class=\"post-content\" itemprop=\"text\">\r\n\t\t\t\t\t<p>Pri\u010da Ines i Doriana Osmogodi\u0161nji Dorian je puno vi\u0161e od svoje dijagnoze. To je dje\u010dak koji voli igru, prijatelje, pjevanje, igrice i nove avanture. Najvi\u0161e u\u017eiva u jednostavnim trenucima \u2013 dru\u0161tvenim igrama, dobrom crti\u0107u, odlascima na bazen i vremenu provedenom s obitelji. Dorian \u017eivi sa&#8230;<\/p>\n\t\t\t\t<\/div>\r\n\r\n\t\t\t\t<div class=\"post-meta post-meta-two\">\r\n\t\t\t\t\t\r\n        <div class=\"sh-columns post-meta-comments\">\r\n            <span class=\"post-meta-categories\">\r\n                <i class=\"icon-tag\"><\/i>\r\n                <a href=\"https:\/\/rijetke-bolesti.com\/en\/category\/usluge\/rijetka-infoteka\/\" rel=\"category tag\">Rare Infotheque<\/a>            <\/span>\r\n\r\n                            <meta itemprop=\"interactionCount\" content=\"UserComments:0\">\r\n                <a href=\"https:\/\/rijetke-bolesti.com\/en\/vise-od-dijagnoze-price-ljudi-koji-zive-sa-spinalnom-misicnom-atrofijom-3\/#comments\" class=\"post-meta-comments\">\r\n                    <i class=\"icon-speech\"><\/i>\r\n                    0                <\/a>\r\n                    <\/div>\r\n\r\n    \t\t\t\t<\/div>\r\n\t\t\t<\/div>\r\n\r\n\t\t<\/div>\r\n\t<\/article>\r\n\r\n\r\n\r\n\t<article id=\"post-6515\" class=\"post-item post-6515 post type-post status-publish format-standard has-post-thumbnail hentry category-rijetka-infoteka\" itemscope=\"itemscope\" itemtype=\"http:\/\/schema.org\/Article\">\r\n\t\t<div class=\"post-container\">\r\n\t\t\t\r\n\t\t\t<div class=\"post-meta-thumb\">\r\n\t\t\t\t\r\n\t\t\t\t\t\t\t\t\t<img loading=\"lazy\" decoding=\"async\" width=\"1024\" height=\"522\" src=\"https:\/\/rijetke-bolesti.com\/wp-content\/uploads\/2026\/08\/glavna-fotka-2-1024x522.png\" class=\"attachment-large size-large wp-post-image\" alt=\"\" srcset=\"https:\/\/rijetke-bolesti.com\/wp-content\/uploads\/2026\/08\/glavna-fotka-2-1024x522.png 1024w, https:\/\/rijetke-bolesti.com\/wp-content\/uploads\/2026\/08\/glavna-fotka-2-300x153.png 300w, https:\/\/rijetke-bolesti.com\/wp-content\/uploads\/2026\/08\/glavna-fotka-2-768x392.png 768w, https:\/\/rijetke-bolesti.com\/wp-content\/uploads\/2026\/08\/glavna-fotka-2-18x9.png 18w, https:\/\/rijetke-bolesti.com\/wp-content\/uploads\/2026\/08\/glavna-fotka-2.png 1122w\" sizes=\"auto, (max-width: 1024px) 100vw, 1024px\" \/>\t\t\t\t\r\n\t\t\t\t\r\n        <div class=\"sh-overlay-style1\">\r\n            <div class=\"sh-table-full\">\r\n                                    <a href=\"https:\/\/rijetke-bolesti.com\/en\/vise-od-dijagnoze-price-ljudi-koji-zive-sa-spinalnom-misicnom-atrofijom-2\/\" class=\"sh-overlay-item sh-table-cell\" title=\"Open the article - Vi\u0161e od dijagnoze: pri\u010de ljudi koji \u017eive sa spinalnom mi\u0161i\u0107nom atrofijom\">\r\n                        <div class=\"sh-overlay-item-container\">\r\n                            <i class=\"icon-link\"><\/i>\r\n                        <\/div>\r\n                    <\/a>\r\n                \r\n                                    <a href=\"https:\/\/rijetke-bolesti.com\/wp-content\/uploads\/2026\/08\/glavna-fotka-2-1024x522.png\" class=\"sh-overlay-item sh-table-cell\" data-rel=\"lightcase\">\r\n                        <div class=\"sh-overlay-item-container\">\r\n                            <i class=\"icon-magnifier-add\"><\/i>\r\n                        <\/div>\r\n                    <\/a>\r\n                            <\/div>\r\n        <\/div>\r\n\r\n    \t\t\t<\/div>\r\n\r\n\t\t\t<div class=\"post-content-container\">\r\n\t\t\t\t<a href=\"https:\/\/rijetke-bolesti.com\/en\/vise-od-dijagnoze-price-ljudi-koji-zive-sa-spinalnom-misicnom-atrofijom-2\/\" class=\"post-title\">\r\n\t\t\t\t\t<h2 itemprop=\"headline\">\r\n\t\t\t\t\t\t\t\t\t\t\t\tVi\u0161e od dijagnoze: pri\u010de ljudi koji \u017eive sa spinalnom mi\u0161i\u0107nom atrofijom\t\t\t\t\t<\/h2>\r\n\t\t\t\t<\/a>\r\n\r\n\t\t\t\t<div class=\"post-meta post-meta-one\">\r\n\t\t\t\t\t\r\n        <span class=\"post-meta-author\">\r\n            by            <a href=\"https:\/\/rijetke-bolesti.com\/en\/author\/sara\/\" class=\"bypostauthor\" itemprop=\"url\" rel=\"author\">\r\n                sara            <\/a>\r\n        <\/span>\r\n\r\n                    <time class=\"updated semantic\" itemprop=\"dateModified\" datetime=\"2026-08-12T07:45:09+00:00\"><\/time>\r\n            <a href=\"https:\/\/rijetke-bolesti.com\/en\/vise-od-dijagnoze-price-ljudi-koji-zive-sa-spinalnom-misicnom-atrofijom-2\/\" class=\"post-meta-date sh-default-color\">August 17, 2026<\/a>\r\n        \r\n    \t\t\t\t<\/div>\r\n\r\n\t\t\t\t<div class=\"post-content\" itemprop=\"text\">\r\n\t\t\t\t\t<p>Josipina i Larina pri\u010da \u201eLara ima spinalnu mi\u0161i\u0107nu atrofiju, ali ona \u017eivi sto \u017eivota.\u201c Tako svoju k\u0107er opisuje Josipa Matija\u0161ec, majka i \u017eena koja i sama \u017eivi sa spinalnom mi\u0161i\u0107nom atrofijom. Lara je osmogodi\u0161nja djevoj\u010dica koja voli ples, more, plivanje, vatrogasce i svako dru\u017eenje. Obo\u017eava&#8230;<\/p>\n\t\t\t\t<\/div>\r\n\r\n\t\t\t\t<div class=\"post-meta post-meta-two\">\r\n\t\t\t\t\t\r\n        <div class=\"sh-columns post-meta-comments\">\r\n            <span class=\"post-meta-categories\">\r\n                <i class=\"icon-tag\"><\/i>\r\n                <a href=\"https:\/\/rijetke-bolesti.com\/en\/category\/usluge\/rijetka-infoteka\/\" rel=\"category tag\">Rare Infotheque<\/a>            <\/span>\r\n\r\n                            <meta itemprop=\"interactionCount\" content=\"UserComments:0\">\r\n                <a href=\"https:\/\/rijetke-bolesti.com\/en\/vise-od-dijagnoze-price-ljudi-koji-zive-sa-spinalnom-misicnom-atrofijom-2\/#comments\" class=\"post-meta-comments\">\r\n                    <i class=\"icon-speech\"><\/i>\r\n                    0                <\/a>\r\n                    <\/div>\r\n\r\n    \t\t\t\t<\/div>\r\n\t\t\t<\/div>\r\n\r\n\t\t<\/div>\r\n\t<\/article>\r\n\r\n\r\n\r\n\t<article id=\"post-6502\" class=\"post-item post-6502 post type-post status-publish format-standard has-post-thumbnail hentry category-uncategorized category-rijetka-infoteka\" itemscope=\"itemscope\" itemtype=\"http:\/\/schema.org\/Article\">\r\n\t\t<div class=\"post-container\">\r\n\t\t\t\r\n\t\t\t<div class=\"post-meta-thumb\">\r\n\t\t\t\t\r\n\t\t\t\t\t\t\t\t\t<img loading=\"lazy\" decoding=\"async\" width=\"1024\" height=\"522\" src=\"https:\/\/rijetke-bolesti.com\/wp-content\/uploads\/2026\/08\/glavna-fotka-1-1024x522.png\" class=\"attachment-large size-large wp-post-image\" alt=\"\" srcset=\"https:\/\/rijetke-bolesti.com\/wp-content\/uploads\/2026\/08\/glavna-fotka-1-1024x522.png 1024w, https:\/\/rijetke-bolesti.com\/wp-content\/uploads\/2026\/08\/glavna-fotka-1-300x153.png 300w, https:\/\/rijetke-bolesti.com\/wp-content\/uploads\/2026\/08\/glavna-fotka-1-768x392.png 768w, https:\/\/rijetke-bolesti.com\/wp-content\/uploads\/2026\/08\/glavna-fotka-1-18x9.png 18w, https:\/\/rijetke-bolesti.com\/wp-content\/uploads\/2026\/08\/glavna-fotka-1.png 1122w\" sizes=\"auto, (max-width: 1024px) 100vw, 1024px\" \/>\t\t\t\t\r\n\t\t\t\t\r\n        <div class=\"sh-overlay-style1\">\r\n            <div class=\"sh-table-full\">\r\n                                    <a href=\"https:\/\/rijetke-bolesti.com\/en\/vise-od-dijagnoze-price-ljudi-koji-zive-sa-spinalnom-misicnom-atrofijom\/\" class=\"sh-overlay-item sh-table-cell\" title=\"Open the article - Vi\u0161e od dijagnoze: pri\u010de ljudi koji \u017eive sa spinalnom mi\u0161i\u0107nom atrofijom\">\r\n                        <div class=\"sh-overlay-item-container\">\r\n                            <i class=\"icon-link\"><\/i>\r\n                        <\/div>\r\n                    <\/a>\r\n                \r\n                                    <a href=\"https:\/\/rijetke-bolesti.com\/wp-content\/uploads\/2026\/08\/glavna-fotka-1-1024x522.png\" class=\"sh-overlay-item sh-table-cell\" data-rel=\"lightcase\">\r\n                        <div class=\"sh-overlay-item-container\">\r\n                            <i class=\"icon-magnifier-add\"><\/i>\r\n                        <\/div>\r\n                    <\/a>\r\n                            <\/div>\r\n        <\/div>\r\n\r\n    \t\t\t<\/div>\r\n\r\n\t\t\t<div class=\"post-content-container\">\r\n\t\t\t\t<a href=\"https:\/\/rijetke-bolesti.com\/en\/vise-od-dijagnoze-price-ljudi-koji-zive-sa-spinalnom-misicnom-atrofijom\/\" class=\"post-title\">\r\n\t\t\t\t\t<h2 itemprop=\"headline\">\r\n\t\t\t\t\t\t\t\t\t\t\t\tVi\u0161e od dijagnoze: pri\u010de ljudi koji \u017eive sa spinalnom mi\u0161i\u0107nom atrofijom\t\t\t\t\t<\/h2>\r\n\t\t\t\t<\/a>\r\n\r\n\t\t\t\t<div class=\"post-meta post-meta-one\">\r\n\t\t\t\t\t\r\n        <span class=\"post-meta-author\">\r\n            by            <a href=\"https:\/\/rijetke-bolesti.com\/en\/author\/sara\/\" class=\"bypostauthor\" itemprop=\"url\" rel=\"author\">\r\n                sara            <\/a>\r\n        <\/span>\r\n\r\n                    <time class=\"updated semantic\" itemprop=\"dateModified\" datetime=\"2026-08-12T07:29:03+00:00\"><\/time>\r\n            <a href=\"https:\/\/rijetke-bolesti.com\/en\/vise-od-dijagnoze-price-ljudi-koji-zive-sa-spinalnom-misicnom-atrofijom\/\" class=\"post-meta-date sh-default-color\">August 12, 2026<\/a>\r\n        \r\n    \t\t\t\t<\/div>\r\n\r\n\t\t\t\t<div class=\"post-content\" itemprop=\"text\">\r\n\t\t\t\t\t<p>Josipina pri\u010da U kolovozu obilje\u017eavamo Mjesec svjesnosti o spinalnoj mi\u0161i\u0107noj atrofiji (SMA) \u2013 mjesec u kojem posebno slavimo snagu, hrabrost i \u017eivote ljudi koji \u017eive sa SMA. Ali i podi\u017eemo svijest o ovoj nasljednoj, progresivnoj neuromuskularnoj bolesti, va\u017enosti rane dijagnoze i lije\u010denja. Jer SMA mo\u017ee&#8230;<\/p>\n\t\t\t\t<\/div>\r\n\r\n\t\t\t\t<div class=\"post-meta post-meta-two\">\r\n\t\t\t\t\t\r\n        <div class=\"sh-columns post-meta-comments\">\r\n            <span class=\"post-meta-categories\">\r\n                <i class=\"icon-tag\"><\/i>\r\n                <a href=\"https:\/\/rijetke-bolesti.com\/en\/category\/uncategorized\/\" rel=\"category tag\">ACTIVITIES<\/a>, <a href=\"https:\/\/rijetke-bolesti.com\/en\/category\/usluge\/rijetka-infoteka\/\" rel=\"category tag\">Rare Infotheque<\/a>            <\/span>\r\n\r\n                            <meta itemprop=\"interactionCount\" content=\"UserComments:0\">\r\n                <a href=\"https:\/\/rijetke-bolesti.com\/en\/vise-od-dijagnoze-price-ljudi-koji-zive-sa-spinalnom-misicnom-atrofijom\/#comments\" class=\"post-meta-comments\">\r\n                    <i class=\"icon-speech\"><\/i>\r\n                    0                <\/a>\r\n                    <\/div>\r\n\r\n    \t\t\t\t<\/div>\r\n\t\t\t<\/div>\r\n\r\n\t\t<\/div>\r\n\t<\/article>\r\n\r\n\r\n\t<\/div>\r\n\r\n\t<\/div>\r\n            <style type=\"text\/css\">\r\n                #recent-posts-iTABQYFNhc article.post-item .post-meta-categories,#recent-posts-iTABQYFNhc article.post-item .post-meta-categories > * {}#recent-posts-iTABQYFNhc article.post-item .post-readmore > div:first-child {}             <\/style>\r\n        <style type=\"text\/css\"> .vc_column_767509771:not(.vc_parallax):not(.jarallax) { overflow: center!important; position: relative; }<\/style><\/div><\/div><\/div><style type=\"text\/css\"> .vc_row_1871627401:not(.vc_parallax) { overflow: center!important; position: relative; }<\/style><\/div>\n\n\n<p class=\"wp-block-paragraph\"><\/p>","protected":false},"excerpt":{"rendered":"<p>Josipina pri\u010da U kolovozu obilje\u017eavamo Mjesec svjesnosti o spinalnoj mi\u0161i\u0107noj atrofiji (SMA) \u2013 mjesec u kojem posebno slavimo snagu, hrabrost i \u017eivote ljudi koji \u017eive sa SMA. Ali i podi\u017eemo svijest o ovoj nasljednoj, progresivnoj neuromuskularnoj bolesti, va\u017enosti rane dijagnoze i lije\u010denja. Jer SMA mo\u017ee&#8230;<\/p>","protected":false},"author":3,"featured_media":3114,"parent":664,"menu_order":0,"comment_status":"closed","ping_status":"closed","template":"single-shufflehound_header.php","meta":{"content-type":"","footnotes":""},"class_list":["post-672","page","type-page","status-publish","has-post-thumbnail","hentry"],"yoast_head":"<!-- This site is optimized with the Yoast SEO plugin v26.0 - https:\/\/yoast.com\/wordpress\/plugins\/seo\/ -->\n<title>Rijetka Infoteka - Hrvatski savez za rijetke bolesti<\/title>\n<meta name=\"robots\" content=\"index, follow, max-snippet:-1, max-image-preview:large, max-video-preview:-1\" \/>\n<link rel=\"canonical\" href=\"https:\/\/rijetke-bolesti.com\/en\/rijetke-bolesti\/rijetka-infoteka\/\" \/>\n<meta property=\"og:locale\" content=\"en_GB\" \/>\n<meta property=\"og:type\" content=\"article\" \/>\n<meta property=\"og:title\" content=\"Rijetka Infoteka - Hrvatski savez za rijetke bolesti\" \/>\n<meta property=\"og:description\" content=\"Josipina pri\u010da U kolovozu obilje\u017eavamo Mjesec svjesnosti o spinalnoj mi\u0161i\u0107noj atrofiji (SMA) \u2013 mjesec u kojem posebno slavimo snagu, hrabrost i \u017eivote ljudi koji \u017eive sa SMA. Ali i podi\u017eemo svijest o ovoj nasljednoj, progresivnoj neuromuskularnoj bolesti, va\u017enosti rane dijagnoze i lije\u010denja. Jer SMA mo\u017ee...\" \/>\n<meta property=\"og:url\" content=\"https:\/\/rijetke-bolesti.com\/en\/rijetke-bolesti\/rijetka-infoteka\/\" \/>\n<meta property=\"og:site_name\" content=\"Hrvatski savez za rijetke bolesti\" \/>\n<meta property=\"article:modified_time\" content=\"2026-03-13T11:19:30+00:00\" \/>\n<meta property=\"og:image\" content=\"https:\/\/rijetke-bolesti.com\/wp-content\/uploads\/2022\/12\/rsz_blue_white_minimalist_adventure_blog_banner.png\" \/>\n\t<meta property=\"og:image:width\" content=\"1120\" \/>\n\t<meta property=\"og:image:height\" content=\"630\" \/>\n\t<meta property=\"og:image:type\" content=\"image\/png\" \/>\n<meta name=\"twitter:card\" content=\"summary_large_image\" \/>\n<meta name=\"twitter:label1\" content=\"Estimated reading time\" \/>\n\t<meta name=\"twitter:data1\" content=\"1 minute\" \/>\n<script type=\"application\/ld+json\" class=\"yoast-schema-graph\">{\"@context\":\"https:\/\/schema.org\",\"@graph\":[{\"@type\":\"WebPage\",\"@id\":\"https:\/\/rijetke-bolesti.com\/rijetke-bolesti\/rijetka-infoteka\/\",\"url\":\"https:\/\/rijetke-bolesti.com\/rijetke-bolesti\/rijetka-infoteka\/\",\"name\":\"Rijetka Infoteka - Hrvatski savez za rijetke bolesti\",\"isPartOf\":{\"@id\":\"https:\/\/rijetke-bolesti.com\/#website\"},\"primaryImageOfPage\":{\"@id\":\"https:\/\/rijetke-bolesti.com\/rijetke-bolesti\/rijetka-infoteka\/#primaryimage\"},\"image\":{\"@id\":\"https:\/\/rijetke-bolesti.com\/rijetke-bolesti\/rijetka-infoteka\/#primaryimage\"},\"thumbnailUrl\":\"https:\/\/rijetke-bolesti.com\/wp-content\/uploads\/2022\/12\/rsz_blue_white_minimalist_adventure_blog_banner.png\",\"datePublished\":\"2020-12-17T17:57:43+00:00\",\"dateModified\":\"2026-03-13T11:19:30+00:00\",\"breadcrumb\":{\"@id\":\"https:\/\/rijetke-bolesti.com\/rijetke-bolesti\/rijetka-infoteka\/#breadcrumb\"},\"inLanguage\":\"en-GB\",\"potentialAction\":[{\"@type\":\"ReadAction\",\"target\":[\"https:\/\/rijetke-bolesti.com\/rijetke-bolesti\/rijetka-infoteka\/\"]}]},{\"@type\":\"ImageObject\",\"inLanguage\":\"en-GB\",\"@id\":\"https:\/\/rijetke-bolesti.com\/rijetke-bolesti\/rijetka-infoteka\/#primaryimage\",\"url\":\"https:\/\/rijetke-bolesti.com\/wp-content\/uploads\/2022\/12\/rsz_blue_white_minimalist_adventure_blog_banner.png\",\"contentUrl\":\"https:\/\/rijetke-bolesti.com\/wp-content\/uploads\/2022\/12\/rsz_blue_white_minimalist_adventure_blog_banner.png\",\"width\":1120,\"height\":630},{\"@type\":\"BreadcrumbList\",\"@id\":\"https:\/\/rijetke-bolesti.com\/rijetke-bolesti\/rijetka-infoteka\/#breadcrumb\",\"itemListElement\":[{\"@type\":\"ListItem\",\"position\":1,\"name\":\"Home\",\"item\":\"https:\/\/rijetke-bolesti.com\/\"},{\"@type\":\"ListItem\",\"position\":2,\"name\":\"Rijetke bolesti\",\"item\":\"https:\/\/rijetke-bolesti.com\/rijetke-bolesti\/\"},{\"@type\":\"ListItem\",\"position\":3,\"name\":\"Rijetka Infoteka\"}]},{\"@type\":\"WebSite\",\"@id\":\"https:\/\/rijetke-bolesti.com\/#website\",\"url\":\"https:\/\/rijetke-bolesti.com\/\",\"name\":\"Hrvatski savez za rijetke bolesti\",\"description\":\"Za\u0161tita i unapre\u0111enje kvalitete \u017eivota osoba oboljelih\u00a0 od rijetkih bolesti\",\"potentialAction\":[{\"@type\":\"SearchAction\",\"target\":{\"@type\":\"EntryPoint\",\"urlTemplate\":\"https:\/\/rijetke-bolesti.com\/?s={search_term_string}\"},\"query-input\":{\"@type\":\"PropertyValueSpecification\",\"valueRequired\":true,\"valueName\":\"search_term_string\"}}],\"inLanguage\":\"en-GB\"}]}<\/script>\n<!-- \/ Yoast SEO plugin. -->","yoast_head_json":{"title":"Rijetka Infoteka - Hrvatski savez za rijetke bolesti","robots":{"index":"index","follow":"follow","max-snippet":"max-snippet:-1","max-image-preview":"max-image-preview:large","max-video-preview":"max-video-preview:-1"},"canonical":"https:\/\/rijetke-bolesti.com\/en\/rijetke-bolesti\/rijetka-infoteka\/","og_locale":"en_GB","og_type":"article","og_title":"Rijetka Infoteka - Hrvatski savez za rijetke bolesti","og_description":"Josipina pri\u010da U kolovozu obilje\u017eavamo Mjesec svjesnosti o spinalnoj mi\u0161i\u0107noj atrofiji (SMA) \u2013 mjesec u kojem posebno slavimo snagu, hrabrost i \u017eivote ljudi koji \u017eive sa SMA. Ali i podi\u017eemo svijest o ovoj nasljednoj, progresivnoj neuromuskularnoj bolesti, va\u017enosti rane dijagnoze i lije\u010denja. Jer SMA mo\u017ee...","og_url":"https:\/\/rijetke-bolesti.com\/en\/rijetke-bolesti\/rijetka-infoteka\/","og_site_name":"Hrvatski savez za rijetke bolesti","article_modified_time":"2026-03-13T11:19:30+00:00","og_image":[{"width":1120,"height":630,"url":"https:\/\/rijetke-bolesti.com\/wp-content\/uploads\/2022\/12\/rsz_blue_white_minimalist_adventure_blog_banner.png","type":"image\/png"}],"twitter_card":"summary_large_image","twitter_misc":{"Estimated reading time":"1 minute"},"schema":{"@context":"https:\/\/schema.org","@graph":[{"@type":"WebPage","@id":"https:\/\/rijetke-bolesti.com\/rijetke-bolesti\/rijetka-infoteka\/","url":"https:\/\/rijetke-bolesti.com\/rijetke-bolesti\/rijetka-infoteka\/","name":"Rijetka Infoteka - Hrvatski savez za rijetke bolesti","isPartOf":{"@id":"https:\/\/rijetke-bolesti.com\/#website"},"primaryImageOfPage":{"@id":"https:\/\/rijetke-bolesti.com\/rijetke-bolesti\/rijetka-infoteka\/#primaryimage"},"image":{"@id":"https:\/\/rijetke-bolesti.com\/rijetke-bolesti\/rijetka-infoteka\/#primaryimage"},"thumbnailUrl":"https:\/\/rijetke-bolesti.com\/wp-content\/uploads\/2022\/12\/rsz_blue_white_minimalist_adventure_blog_banner.png","datePublished":"2020-12-17T17:57:43+00:00","dateModified":"2026-03-13T11:19:30+00:00","breadcrumb":{"@id":"https:\/\/rijetke-bolesti.com\/rijetke-bolesti\/rijetka-infoteka\/#breadcrumb"},"inLanguage":"en-GB","potentialAction":[{"@type":"ReadAction","target":["https:\/\/rijetke-bolesti.com\/rijetke-bolesti\/rijetka-infoteka\/"]}]},{"@type":"ImageObject","inLanguage":"en-GB","@id":"https:\/\/rijetke-bolesti.com\/rijetke-bolesti\/rijetka-infoteka\/#primaryimage","url":"https:\/\/rijetke-bolesti.com\/wp-content\/uploads\/2022\/12\/rsz_blue_white_minimalist_adventure_blog_banner.png","contentUrl":"https:\/\/rijetke-bolesti.com\/wp-content\/uploads\/2022\/12\/rsz_blue_white_minimalist_adventure_blog_banner.png","width":1120,"height":630},{"@type":"BreadcrumbList","@id":"https:\/\/rijetke-bolesti.com\/rijetke-bolesti\/rijetka-infoteka\/#breadcrumb","itemListElement":[{"@type":"ListItem","position":1,"name":"Home","item":"https:\/\/rijetke-bolesti.com\/"},{"@type":"ListItem","position":2,"name":"Rijetke bolesti","item":"https:\/\/rijetke-bolesti.com\/rijetke-bolesti\/"},{"@type":"ListItem","position":3,"name":"Rijetka Infoteka"}]},{"@type":"WebSite","@id":"https:\/\/rijetke-bolesti.com\/#website","url":"https:\/\/rijetke-bolesti.com\/","name":"Hrvatski savez za rijetke bolesti","description":"Za\u0161tita i unapre\u0111enje kvalitete \u017eivota osoba oboljelih\u00a0 od rijetkih bolesti","potentialAction":[{"@type":"SearchAction","target":{"@type":"EntryPoint","urlTemplate":"https:\/\/rijetke-bolesti.com\/?s={search_term_string}"},"query-input":{"@type":"PropertyValueSpecification","valueRequired":true,"valueName":"search_term_string"}}],"inLanguage":"en-GB"}]}},"_links":{"self":[{"href":"https:\/\/rijetke-bolesti.com\/en\/wp-json\/wp\/v2\/pages\/672","targetHints":{"allow":["GET"]}}],"collection":[{"href":"https:\/\/rijetke-bolesti.com\/en\/wp-json\/wp\/v2\/pages"}],"about":[{"href":"https:\/\/rijetke-bolesti.com\/en\/wp-json\/wp\/v2\/types\/page"}],"author":[{"embeddable":true,"href":"https:\/\/rijetke-bolesti.com\/en\/wp-json\/wp\/v2\/users\/3"}],"replies":[{"embeddable":true,"href":"https:\/\/rijetke-bolesti.com\/en\/wp-json\/wp\/v2\/comments?post=672"}],"version-history":[{"count":63,"href":"https:\/\/rijetke-bolesti.com\/en\/wp-json\/wp\/v2\/pages\/672\/revisions"}],"predecessor-version":[{"id":6225,"href":"https:\/\/rijetke-bolesti.com\/en\/wp-json\/wp\/v2\/pages\/672\/revisions\/6225"}],"up":[{"embeddable":true,"href":"https:\/\/rijetke-bolesti.com\/en\/wp-json\/wp\/v2\/pages\/664"}],"wp:featuredmedia":[{"embeddable":true,"href":"https:\/\/rijetke-bolesti.com\/en\/wp-json\/wp\/v2\/media\/3114"}],"wp:attachment":[{"href":"https:\/\/rijetke-bolesti.com\/en\/wp-json\/wp\/v2\/media?parent=672"}],"curies":[{"name":"wp","href":"https:\/\/api.w.org\/{rel}","templated":true}]}}